{"id":2542,"date":"2021-09-21T17:31:51","date_gmt":"2021-09-21T17:31:51","guid":{"rendered":"https:\/\/quellenhof.mycolligo.com\/class\/panoramaweg-auf-torrent\/"},"modified":"2021-10-26T08:31:27","modified_gmt":"2021-10-26T08:31:27","slug":"randonnee-panoramique-sur-le-torrent","status":"publish","type":"class","link":"https:\/\/quellenhof-leukerbad.ch\/fr\/class\/randonnee-panoramique-sur-le-torrent\/","title":{"rendered":"Randonn\u00e9e panoramique sur le Torrent"},"content":{"rendered":"<p>Cette randonn\u00e9e panoramique valaisanne pr\u00e8s de Lo\u00e8che-les-Bains vous permet de profiter d&rsquo;un bon ensoleillement et de vues magnifiques. Il m\u00e8ne de la Rinderh\u00fctte \u00e0 Torrentalp.<\/p>\n<p>Sur le sentier d&rsquo;altitude qui va de la Rinderh\u00fctte \u00e0 la Torrentalp, vous aurez toujours une vue magnifique sur la vall\u00e9e du Rh\u00f4ne et sur les sommets de quatre mille m\u00e8tres des Alpes valaisannes. Montez confortablement jusqu&rsquo;\u00e0 la Rinderh\u00fctte gr\u00e2ce au t\u00e9l\u00e9ph\u00e9rique. D\u00e9j\u00e0 ici, vous ne pouvez que vous \u00e9merveiller. Le sentier de randonn\u00e9e descend r\u00e9guli\u00e8rement vers Torrentalp, o\u00f9 des restaurants traditionnels proposant des sp\u00e9cialit\u00e9s valaisannes vous invitent \u00e0 faire une pause. Le sentier panoramique est donc particuli\u00e8rement recommand\u00e9 aux randonneurs qui souhaitent combiner plaisirs culinaires et l&rsquo;exercice physique. Le sentier de randonn\u00e9e tranquille convient \u00e9galement aux familles avec de jeunes enfants. <\/p>\n<p>Difficult\u00e9 : <strong>facile<\/strong><br \/>\nDistance : <strong>4.3 km<\/strong><br \/>\nDur\u00e9e : <strong>01.30 h<\/strong><br \/>\nD\u00e9nivel\u00e9 positif : <strong>0 m<\/strong><br \/>\nD\u00e9nivel\u00e9 n\u00e9gatif : <strong>386 m<\/strong><\/p>\n","protected":false},"excerpt":{"rendered":"<p>Difficult\u00e9 : <span style=\"background: #287233; color: #fff; padding: 1px 12px 2px; border-radius: 2px;\"> facile<\/span><br \/>\nDistance : 4.3 km<br \/>\nDur\u00e9e : 01.30 h<br \/>\nD\u00e9nivel\u00e9 positif : 0 m<br \/>\nD\u00e9nivel\u00e9 n\u00e9gatif : 386 m<\/p>\n","protected":false},"template":"","meta":[],"wcs-type":[132,134],"wcs-room":[136],"wcs-instructor":[140],"class_list":["post-2542","class","type-class","status-publish","hentry","wcs-type-difficulte-facile-fr","wcs-type-randonnee-fr","wcs-room-2-5h-fr","wcs-instructor-4-15km-fr"],"yoast_head":"<!-- This site is optimized with the Yoast SEO plugin v27.4 - https:\/\/yoast.com\/product\/yoast-seo-wordpress\/ -->\n<title>Randonn\u00e9e panoramique sur le Torrent - Quellenhof Hotel in Leukerbad<\/title>\n<meta name=\"robots\" content=\"index, follow, max-snippet:-1, max-image-preview:large, max-video-preview:-1\" \/>\n<link rel=\"canonical\" href=\"https:\/\/quellenhof-leukerbad.ch\/fr\/class\/randonnee-panoramique-sur-le-torrent\/\" \/>\n<meta property=\"og:locale\" content=\"fr_FR\" \/>\n<meta property=\"og:type\" content=\"article\" \/>\n<meta property=\"og:title\" content=\"Randonn\u00e9e panoramique sur le Torrent - Quellenhof Hotel in Leukerbad\" \/>\n<meta property=\"og:description\" content=\"Difficult\u00e9 : facile Distance : 4.3 km Dur\u00e9e : 01.30 h D\u00e9nivel\u00e9 positif : 0 m D\u00e9nivel\u00e9 n\u00e9gatif : 386 m\" \/>\n<meta property=\"og:url\" content=\"https:\/\/quellenhof-leukerbad.ch\/fr\/class\/randonnee-panoramique-sur-le-torrent\/\" \/>\n<meta property=\"og:site_name\" content=\"Quellenhof Hotel in Leukerbad\" \/>\n<meta property=\"article:publisher\" content=\"https:\/\/www.facebook.com\/quellenhof.leukerbad\" \/>\n<meta property=\"article:modified_time\" content=\"2021-10-26T08:31:27+00:00\" \/>\n<meta name=\"twitter:card\" content=\"summary_large_image\" \/>\n<meta name=\"twitter:label1\" content=\"Dur\u00e9e de lecture estim\u00e9e\" \/>\n\t<meta name=\"twitter:data1\" content=\"1 minute\" \/>\n<script type=\"application\/ld+json\" class=\"yoast-schema-graph\">{\"@context\":\"https:\\\/\\\/schema.org\",\"@graph\":[{\"@type\":\"WebPage\",\"@id\":\"https:\\\/\\\/quellenhof-leukerbad.ch\\\/fr\\\/class\\\/randonnee-panoramique-sur-le-torrent\\\/\",\"url\":\"https:\\\/\\\/quellenhof-leukerbad.ch\\\/fr\\\/class\\\/randonnee-panoramique-sur-le-torrent\\\/\",\"name\":\"Randonn\u00e9e panoramique sur le Torrent - Quellenhof Hotel in Leukerbad\",\"isPartOf\":{\"@id\":\"https:\\\/\\\/quellenhof-leukerbad.ch\\\/fr\\\/#website\"},\"datePublished\":\"2021-09-21T17:31:51+00:00\",\"dateModified\":\"2021-10-26T08:31:27+00:00\",\"breadcrumb\":{\"@id\":\"https:\\\/\\\/quellenhof-leukerbad.ch\\\/fr\\\/class\\\/randonnee-panoramique-sur-le-torrent\\\/#breadcrumb\"},\"inLanguage\":\"fr-FR\",\"potentialAction\":[{\"@type\":\"ReadAction\",\"target\":[\"https:\\\/\\\/quellenhof-leukerbad.ch\\\/fr\\\/class\\\/randonnee-panoramique-sur-le-torrent\\\/\"]}]},{\"@type\":\"BreadcrumbList\",\"@id\":\"https:\\\/\\\/quellenhof-leukerbad.ch\\\/fr\\\/class\\\/randonnee-panoramique-sur-le-torrent\\\/#breadcrumb\",\"itemListElement\":[{\"@type\":\"ListItem\",\"position\":1,\"name\":\"Startseite\",\"item\":\"https:\\\/\\\/quellenhof-leukerbad.ch\\\/fr\\\/\"},{\"@type\":\"ListItem\",\"position\":2,\"name\":\"Randonn\u00e9e panoramique sur le Torrent\"}]},{\"@type\":\"WebSite\",\"@id\":\"https:\\\/\\\/quellenhof-leukerbad.ch\\\/fr\\\/#website\",\"url\":\"https:\\\/\\\/quellenhof-leukerbad.ch\\\/fr\\\/\",\"name\":\"Quellenhof Hotel in Leukerbad\",\"description\":\"Hotel Restaurant Quellenhof in Leukerbad\",\"publisher\":{\"@id\":\"https:\\\/\\\/quellenhof-leukerbad.ch\\\/fr\\\/#organization\"},\"potentialAction\":[{\"@type\":\"SearchAction\",\"target\":{\"@type\":\"EntryPoint\",\"urlTemplate\":\"https:\\\/\\\/quellenhof-leukerbad.ch\\\/fr\\\/?s={search_term_string}\"},\"query-input\":{\"@type\":\"PropertyValueSpecification\",\"valueRequired\":true,\"valueName\":\"search_term_string\"}}],\"inLanguage\":\"fr-FR\"},{\"@type\":\"Organization\",\"@id\":\"https:\\\/\\\/quellenhof-leukerbad.ch\\\/fr\\\/#organization\",\"name\":\"Quellenhof Leukerbad\",\"url\":\"https:\\\/\\\/quellenhof-leukerbad.ch\\\/fr\\\/\",\"logo\":{\"@type\":\"ImageObject\",\"inLanguage\":\"fr-FR\",\"@id\":\"https:\\\/\\\/quellenhof-leukerbad.ch\\\/fr\\\/#\\\/schema\\\/logo\\\/image\\\/\",\"url\":\"https:\\\/\\\/quellenhof-leukerbad.ch\\\/wp-content\\\/uploads\\\/2020\\\/12\\\/Quellenhof_Logo_rgb.png\",\"contentUrl\":\"https:\\\/\\\/quellenhof-leukerbad.ch\\\/wp-content\\\/uploads\\\/2020\\\/12\\\/Quellenhof_Logo_rgb.png\",\"width\":237,\"height\":70,\"caption\":\"Quellenhof Leukerbad\"},\"image\":{\"@id\":\"https:\\\/\\\/quellenhof-leukerbad.ch\\\/fr\\\/#\\\/schema\\\/logo\\\/image\\\/\"},\"sameAs\":[\"https:\\\/\\\/www.facebook.com\\\/quellenhof.leukerbad\",\"https:\\\/\\\/www.instagram.com\\\/quellenhof_leukerbad\"]}]}<\/script>\n<!-- \/ Yoast SEO plugin. -->","yoast_head_json":{"title":"Randonn\u00e9e panoramique sur le Torrent - Quellenhof Hotel in Leukerbad","robots":{"index":"index","follow":"follow","max-snippet":"max-snippet:-1","max-image-preview":"max-image-preview:large","max-video-preview":"max-video-preview:-1"},"canonical":"https:\/\/quellenhof-leukerbad.ch\/fr\/class\/randonnee-panoramique-sur-le-torrent\/","og_locale":"fr_FR","og_type":"article","og_title":"Randonn\u00e9e panoramique sur le Torrent - Quellenhof Hotel in Leukerbad","og_description":"Difficult\u00e9 : facile Distance : 4.3 km Dur\u00e9e : 01.30 h D\u00e9nivel\u00e9 positif : 0 m D\u00e9nivel\u00e9 n\u00e9gatif : 386 m","og_url":"https:\/\/quellenhof-leukerbad.ch\/fr\/class\/randonnee-panoramique-sur-le-torrent\/","og_site_name":"Quellenhof Hotel in Leukerbad","article_publisher":"https:\/\/www.facebook.com\/quellenhof.leukerbad","article_modified_time":"2021-10-26T08:31:27+00:00","twitter_card":"summary_large_image","twitter_misc":{"Dur\u00e9e de lecture estim\u00e9e":"1 minute"},"schema":{"@context":"https:\/\/schema.org","@graph":[{"@type":"WebPage","@id":"https:\/\/quellenhof-leukerbad.ch\/fr\/class\/randonnee-panoramique-sur-le-torrent\/","url":"https:\/\/quellenhof-leukerbad.ch\/fr\/class\/randonnee-panoramique-sur-le-torrent\/","name":"Randonn\u00e9e panoramique sur le Torrent - Quellenhof Hotel in Leukerbad","isPartOf":{"@id":"https:\/\/quellenhof-leukerbad.ch\/fr\/#website"},"datePublished":"2021-09-21T17:31:51+00:00","dateModified":"2021-10-26T08:31:27+00:00","breadcrumb":{"@id":"https:\/\/quellenhof-leukerbad.ch\/fr\/class\/randonnee-panoramique-sur-le-torrent\/#breadcrumb"},"inLanguage":"fr-FR","potentialAction":[{"@type":"ReadAction","target":["https:\/\/quellenhof-leukerbad.ch\/fr\/class\/randonnee-panoramique-sur-le-torrent\/"]}]},{"@type":"BreadcrumbList","@id":"https:\/\/quellenhof-leukerbad.ch\/fr\/class\/randonnee-panoramique-sur-le-torrent\/#breadcrumb","itemListElement":[{"@type":"ListItem","position":1,"name":"Startseite","item":"https:\/\/quellenhof-leukerbad.ch\/fr\/"},{"@type":"ListItem","position":2,"name":"Randonn\u00e9e panoramique sur le Torrent"}]},{"@type":"WebSite","@id":"https:\/\/quellenhof-leukerbad.ch\/fr\/#website","url":"https:\/\/quellenhof-leukerbad.ch\/fr\/","name":"Quellenhof Hotel in Leukerbad","description":"Hotel Restaurant Quellenhof in Leukerbad","publisher":{"@id":"https:\/\/quellenhof-leukerbad.ch\/fr\/#organization"},"potentialAction":[{"@type":"SearchAction","target":{"@type":"EntryPoint","urlTemplate":"https:\/\/quellenhof-leukerbad.ch\/fr\/?s={search_term_string}"},"query-input":{"@type":"PropertyValueSpecification","valueRequired":true,"valueName":"search_term_string"}}],"inLanguage":"fr-FR"},{"@type":"Organization","@id":"https:\/\/quellenhof-leukerbad.ch\/fr\/#organization","name":"Quellenhof Leukerbad","url":"https:\/\/quellenhof-leukerbad.ch\/fr\/","logo":{"@type":"ImageObject","inLanguage":"fr-FR","@id":"https:\/\/quellenhof-leukerbad.ch\/fr\/#\/schema\/logo\/image\/","url":"https:\/\/quellenhof-leukerbad.ch\/wp-content\/uploads\/2020\/12\/Quellenhof_Logo_rgb.png","contentUrl":"https:\/\/quellenhof-leukerbad.ch\/wp-content\/uploads\/2020\/12\/Quellenhof_Logo_rgb.png","width":237,"height":70,"caption":"Quellenhof Leukerbad"},"image":{"@id":"https:\/\/quellenhof-leukerbad.ch\/fr\/#\/schema\/logo\/image\/"},"sameAs":["https:\/\/www.facebook.com\/quellenhof.leukerbad","https:\/\/www.instagram.com\/quellenhof_leukerbad"]}]}},"_links":{"self":[{"href":"https:\/\/quellenhof-leukerbad.ch\/fr\/wp-json\/wp\/v2\/class\/2542","targetHints":{"allow":["GET"]}}],"collection":[{"href":"https:\/\/quellenhof-leukerbad.ch\/fr\/wp-json\/wp\/v2\/class"}],"about":[{"href":"https:\/\/quellenhof-leukerbad.ch\/fr\/wp-json\/wp\/v2\/types\/class"}],"wp:attachment":[{"href":"https:\/\/quellenhof-leukerbad.ch\/fr\/wp-json\/wp\/v2\/media?parent=2542"}],"wp:term":[{"taxonomy":"wcs-type","embeddable":true,"href":"https:\/\/quellenhof-leukerbad.ch\/fr\/wp-json\/wp\/v2\/wcs-type?post=2542"},{"taxonomy":"wcs-room","embeddable":true,"href":"https:\/\/quellenhof-leukerbad.ch\/fr\/wp-json\/wp\/v2\/wcs-room?post=2542"},{"taxonomy":"wcs-instructor","embeddable":true,"href":"https:\/\/quellenhof-leukerbad.ch\/fr\/wp-json\/wp\/v2\/wcs-instructor?post=2542"}],"curies":[{"name":"wp","href":"https:\/\/api.w.org\/{rel}","templated":true}]}}