{"id":2540,"date":"2021-09-21T13:48:33","date_gmt":"2021-09-21T13:48:33","guid":{"rendered":"https:\/\/quellenhof.mycolligo.com\/class\/gemmipass-wanderung-nach-kandersteg\/"},"modified":"2021-10-26T08:28:15","modified_gmt":"2021-10-26T08:28:15","slug":"randonnee-du-col-de-la-gemmi-a-kandersteg","status":"publish","type":"class","link":"https:\/\/quellenhof-leukerbad.ch\/fr\/class\/randonnee-du-col-de-la-gemmi-a-kandersteg\/","title":{"rendered":"Randonn\u00e9e du col de la Gemmi \u00e0 Kandersteg"},"content":{"rendered":"<p>Lors d&rsquo;une randonn\u00e9e tranquille entre la Gemmi et Sunnb\u00fcel, vous traversez la fronti\u00e8re cantonale. Un chemin de randonn\u00e9e vari\u00e9 avec un panorama unique.<\/p>\n<p>Le passage historique du col de la Gemmi depuis Lo\u00e8che-les-Bains jusque dans l&rsquo;Oberland bernois est la randonn\u00e9e classique par excellence. Une fois l&rsquo;ascension depuis Lo\u00e8che-les-Bains \u00e0 travers les parois rocheuses de la r\u00e9gion de la Gemmi termin\u00e9e, un sentier de randonn\u00e9e tranquille, principalement en descente,  attend les randonneurs. Ceux qui pr\u00e9f\u00e8rent une randonn\u00e9e plus difficile commencent \u00e0 Kandersteg et effectuent le changement de canton depuis l&rsquo;Oberland bernois jusqu&rsquo;en Valais.<\/p>\n<p>Depuis le col de la Gemmi, l&rsquo;itin\u00e9raire longe le lac du Daubensee en passant par Schwarenbach jusqu&rsquo;\u00e0 Sunnb\u00fcel. De l\u00e0, vous pouvez rejoindre Kandersteg \u00e0 pied ou en t\u00e9l\u00e9ph\u00e9rique. Alors que le paysage de la Gemmi est rude et aride, des prairies fleuries color\u00e9es bordent le sentier de randonn\u00e9e plus bas, \u00e0 Spittelmatte.<\/p>\n<p>Difficult\u00e9 : <strong>moyen<\/strong><br \/>\nDistance : <strong>8.6 km<\/strong><br \/>\nDur\u00e9e : <strong>03.00 h<\/strong><br \/>\nD\u00e9nivel\u00e9 positif : <strong>69 m<\/strong><br \/>\nD\u00e9nivel\u00e9 n\u00e9gatif : <strong>478 m<\/strong><\/p>\n","protected":false},"excerpt":{"rendered":"<p>Difficult\u00e9 : <span style=\"background: #dc6b2f; color: #fff; padding: 1px 12px 2px; border-radius: 2px;\"> moyen<\/span><br \/>\nDistance : 8.6 km<br \/>\nDur\u00e9e : 03.00 h<br \/>\nD\u00e9nivel\u00e9 positif : 69 m<br \/>\nD\u00e9nivel\u00e9 n\u00e9gatif : 478 m<\/p>\n","protected":false},"template":"","meta":[],"wcs-type":[131,134],"wcs-room":[137],"wcs-instructor":[140],"class_list":["post-2540","class","type-class","status-publish","hentry","wcs-type-difficulte-moyen-fr","wcs-type-randonnee-fr","wcs-room-2-5-4h-fr","wcs-instructor-4-15km-fr"],"yoast_head":"<!-- This site is optimized with the Yoast SEO plugin v27.4 - https:\/\/yoast.com\/product\/yoast-seo-wordpress\/ -->\n<title>Randonn\u00e9e du col de la Gemmi \u00e0 Kandersteg - Quellenhof Hotel in Leukerbad<\/title>\n<meta name=\"robots\" content=\"index, follow, max-snippet:-1, max-image-preview:large, max-video-preview:-1\" \/>\n<link rel=\"canonical\" href=\"https:\/\/quellenhof-leukerbad.ch\/fr\/class\/randonnee-du-col-de-la-gemmi-a-kandersteg\/\" \/>\n<meta property=\"og:locale\" content=\"fr_FR\" \/>\n<meta property=\"og:type\" content=\"article\" \/>\n<meta property=\"og:title\" content=\"Randonn\u00e9e du col de la Gemmi \u00e0 Kandersteg - Quellenhof Hotel in Leukerbad\" \/>\n<meta property=\"og:description\" content=\"Difficult\u00e9 : moyen Distance : 8.6 km Dur\u00e9e : 03.00 h D\u00e9nivel\u00e9 positif : 69 m D\u00e9nivel\u00e9 n\u00e9gatif : 478 m\" \/>\n<meta property=\"og:url\" content=\"https:\/\/quellenhof-leukerbad.ch\/fr\/class\/randonnee-du-col-de-la-gemmi-a-kandersteg\/\" \/>\n<meta property=\"og:site_name\" content=\"Quellenhof Hotel in Leukerbad\" \/>\n<meta property=\"article:publisher\" content=\"https:\/\/www.facebook.com\/quellenhof.leukerbad\" \/>\n<meta property=\"article:modified_time\" content=\"2021-10-26T08:28:15+00:00\" \/>\n<meta name=\"twitter:card\" content=\"summary_large_image\" \/>\n<meta name=\"twitter:label1\" content=\"Dur\u00e9e de lecture estim\u00e9e\" \/>\n\t<meta name=\"twitter:data1\" content=\"1 minute\" \/>\n<script type=\"application\/ld+json\" class=\"yoast-schema-graph\">{\"@context\":\"https:\\\/\\\/schema.org\",\"@graph\":[{\"@type\":\"WebPage\",\"@id\":\"https:\\\/\\\/quellenhof-leukerbad.ch\\\/fr\\\/class\\\/randonnee-du-col-de-la-gemmi-a-kandersteg\\\/\",\"url\":\"https:\\\/\\\/quellenhof-leukerbad.ch\\\/fr\\\/class\\\/randonnee-du-col-de-la-gemmi-a-kandersteg\\\/\",\"name\":\"Randonn\u00e9e du col de la Gemmi \u00e0 Kandersteg - Quellenhof Hotel in Leukerbad\",\"isPartOf\":{\"@id\":\"https:\\\/\\\/quellenhof-leukerbad.ch\\\/fr\\\/#website\"},\"datePublished\":\"2021-09-21T13:48:33+00:00\",\"dateModified\":\"2021-10-26T08:28:15+00:00\",\"breadcrumb\":{\"@id\":\"https:\\\/\\\/quellenhof-leukerbad.ch\\\/fr\\\/class\\\/randonnee-du-col-de-la-gemmi-a-kandersteg\\\/#breadcrumb\"},\"inLanguage\":\"fr-FR\",\"potentialAction\":[{\"@type\":\"ReadAction\",\"target\":[\"https:\\\/\\\/quellenhof-leukerbad.ch\\\/fr\\\/class\\\/randonnee-du-col-de-la-gemmi-a-kandersteg\\\/\"]}]},{\"@type\":\"BreadcrumbList\",\"@id\":\"https:\\\/\\\/quellenhof-leukerbad.ch\\\/fr\\\/class\\\/randonnee-du-col-de-la-gemmi-a-kandersteg\\\/#breadcrumb\",\"itemListElement\":[{\"@type\":\"ListItem\",\"position\":1,\"name\":\"Startseite\",\"item\":\"https:\\\/\\\/quellenhof-leukerbad.ch\\\/fr\\\/\"},{\"@type\":\"ListItem\",\"position\":2,\"name\":\"Randonn\u00e9e du col de la Gemmi \u00e0 Kandersteg\"}]},{\"@type\":\"WebSite\",\"@id\":\"https:\\\/\\\/quellenhof-leukerbad.ch\\\/fr\\\/#website\",\"url\":\"https:\\\/\\\/quellenhof-leukerbad.ch\\\/fr\\\/\",\"name\":\"Quellenhof Hotel in Leukerbad\",\"description\":\"Hotel Restaurant Quellenhof in Leukerbad\",\"publisher\":{\"@id\":\"https:\\\/\\\/quellenhof-leukerbad.ch\\\/fr\\\/#organization\"},\"potentialAction\":[{\"@type\":\"SearchAction\",\"target\":{\"@type\":\"EntryPoint\",\"urlTemplate\":\"https:\\\/\\\/quellenhof-leukerbad.ch\\\/fr\\\/?s={search_term_string}\"},\"query-input\":{\"@type\":\"PropertyValueSpecification\",\"valueRequired\":true,\"valueName\":\"search_term_string\"}}],\"inLanguage\":\"fr-FR\"},{\"@type\":\"Organization\",\"@id\":\"https:\\\/\\\/quellenhof-leukerbad.ch\\\/fr\\\/#organization\",\"name\":\"Quellenhof Leukerbad\",\"url\":\"https:\\\/\\\/quellenhof-leukerbad.ch\\\/fr\\\/\",\"logo\":{\"@type\":\"ImageObject\",\"inLanguage\":\"fr-FR\",\"@id\":\"https:\\\/\\\/quellenhof-leukerbad.ch\\\/fr\\\/#\\\/schema\\\/logo\\\/image\\\/\",\"url\":\"https:\\\/\\\/quellenhof-leukerbad.ch\\\/wp-content\\\/uploads\\\/2020\\\/12\\\/Quellenhof_Logo_rgb.png\",\"contentUrl\":\"https:\\\/\\\/quellenhof-leukerbad.ch\\\/wp-content\\\/uploads\\\/2020\\\/12\\\/Quellenhof_Logo_rgb.png\",\"width\":237,\"height\":70,\"caption\":\"Quellenhof Leukerbad\"},\"image\":{\"@id\":\"https:\\\/\\\/quellenhof-leukerbad.ch\\\/fr\\\/#\\\/schema\\\/logo\\\/image\\\/\"},\"sameAs\":[\"https:\\\/\\\/www.facebook.com\\\/quellenhof.leukerbad\",\"https:\\\/\\\/www.instagram.com\\\/quellenhof_leukerbad\"]}]}<\/script>\n<!-- \/ Yoast SEO plugin. -->","yoast_head_json":{"title":"Randonn\u00e9e du col de la Gemmi \u00e0 Kandersteg - Quellenhof Hotel in Leukerbad","robots":{"index":"index","follow":"follow","max-snippet":"max-snippet:-1","max-image-preview":"max-image-preview:large","max-video-preview":"max-video-preview:-1"},"canonical":"https:\/\/quellenhof-leukerbad.ch\/fr\/class\/randonnee-du-col-de-la-gemmi-a-kandersteg\/","og_locale":"fr_FR","og_type":"article","og_title":"Randonn\u00e9e du col de la Gemmi \u00e0 Kandersteg - Quellenhof Hotel in Leukerbad","og_description":"Difficult\u00e9 : moyen Distance : 8.6 km Dur\u00e9e : 03.00 h D\u00e9nivel\u00e9 positif : 69 m D\u00e9nivel\u00e9 n\u00e9gatif : 478 m","og_url":"https:\/\/quellenhof-leukerbad.ch\/fr\/class\/randonnee-du-col-de-la-gemmi-a-kandersteg\/","og_site_name":"Quellenhof Hotel in Leukerbad","article_publisher":"https:\/\/www.facebook.com\/quellenhof.leukerbad","article_modified_time":"2021-10-26T08:28:15+00:00","twitter_card":"summary_large_image","twitter_misc":{"Dur\u00e9e de lecture estim\u00e9e":"1 minute"},"schema":{"@context":"https:\/\/schema.org","@graph":[{"@type":"WebPage","@id":"https:\/\/quellenhof-leukerbad.ch\/fr\/class\/randonnee-du-col-de-la-gemmi-a-kandersteg\/","url":"https:\/\/quellenhof-leukerbad.ch\/fr\/class\/randonnee-du-col-de-la-gemmi-a-kandersteg\/","name":"Randonn\u00e9e du col de la Gemmi \u00e0 Kandersteg - Quellenhof Hotel in Leukerbad","isPartOf":{"@id":"https:\/\/quellenhof-leukerbad.ch\/fr\/#website"},"datePublished":"2021-09-21T13:48:33+00:00","dateModified":"2021-10-26T08:28:15+00:00","breadcrumb":{"@id":"https:\/\/quellenhof-leukerbad.ch\/fr\/class\/randonnee-du-col-de-la-gemmi-a-kandersteg\/#breadcrumb"},"inLanguage":"fr-FR","potentialAction":[{"@type":"ReadAction","target":["https:\/\/quellenhof-leukerbad.ch\/fr\/class\/randonnee-du-col-de-la-gemmi-a-kandersteg\/"]}]},{"@type":"BreadcrumbList","@id":"https:\/\/quellenhof-leukerbad.ch\/fr\/class\/randonnee-du-col-de-la-gemmi-a-kandersteg\/#breadcrumb","itemListElement":[{"@type":"ListItem","position":1,"name":"Startseite","item":"https:\/\/quellenhof-leukerbad.ch\/fr\/"},{"@type":"ListItem","position":2,"name":"Randonn\u00e9e du col de la Gemmi \u00e0 Kandersteg"}]},{"@type":"WebSite","@id":"https:\/\/quellenhof-leukerbad.ch\/fr\/#website","url":"https:\/\/quellenhof-leukerbad.ch\/fr\/","name":"Quellenhof Hotel in Leukerbad","description":"Hotel Restaurant Quellenhof in Leukerbad","publisher":{"@id":"https:\/\/quellenhof-leukerbad.ch\/fr\/#organization"},"potentialAction":[{"@type":"SearchAction","target":{"@type":"EntryPoint","urlTemplate":"https:\/\/quellenhof-leukerbad.ch\/fr\/?s={search_term_string}"},"query-input":{"@type":"PropertyValueSpecification","valueRequired":true,"valueName":"search_term_string"}}],"inLanguage":"fr-FR"},{"@type":"Organization","@id":"https:\/\/quellenhof-leukerbad.ch\/fr\/#organization","name":"Quellenhof Leukerbad","url":"https:\/\/quellenhof-leukerbad.ch\/fr\/","logo":{"@type":"ImageObject","inLanguage":"fr-FR","@id":"https:\/\/quellenhof-leukerbad.ch\/fr\/#\/schema\/logo\/image\/","url":"https:\/\/quellenhof-leukerbad.ch\/wp-content\/uploads\/2020\/12\/Quellenhof_Logo_rgb.png","contentUrl":"https:\/\/quellenhof-leukerbad.ch\/wp-content\/uploads\/2020\/12\/Quellenhof_Logo_rgb.png","width":237,"height":70,"caption":"Quellenhof Leukerbad"},"image":{"@id":"https:\/\/quellenhof-leukerbad.ch\/fr\/#\/schema\/logo\/image\/"},"sameAs":["https:\/\/www.facebook.com\/quellenhof.leukerbad","https:\/\/www.instagram.com\/quellenhof_leukerbad"]}]}},"_links":{"self":[{"href":"https:\/\/quellenhof-leukerbad.ch\/fr\/wp-json\/wp\/v2\/class\/2540","targetHints":{"allow":["GET"]}}],"collection":[{"href":"https:\/\/quellenhof-leukerbad.ch\/fr\/wp-json\/wp\/v2\/class"}],"about":[{"href":"https:\/\/quellenhof-leukerbad.ch\/fr\/wp-json\/wp\/v2\/types\/class"}],"wp:attachment":[{"href":"https:\/\/quellenhof-leukerbad.ch\/fr\/wp-json\/wp\/v2\/media?parent=2540"}],"wp:term":[{"taxonomy":"wcs-type","embeddable":true,"href":"https:\/\/quellenhof-leukerbad.ch\/fr\/wp-json\/wp\/v2\/wcs-type?post=2540"},{"taxonomy":"wcs-room","embeddable":true,"href":"https:\/\/quellenhof-leukerbad.ch\/fr\/wp-json\/wp\/v2\/wcs-room?post=2540"},{"taxonomy":"wcs-instructor","embeddable":true,"href":"https:\/\/quellenhof-leukerbad.ch\/fr\/wp-json\/wp\/v2\/wcs-instructor?post=2540"}],"curies":[{"name":"wp","href":"https:\/\/api.w.org\/{rel}","templated":true}]}}