{"id":2527,"date":"2021-07-15T15:48:37","date_gmt":"2021-07-15T15:48:37","guid":{"rendered":"https:\/\/quellenhof.mycolligo.com\/class\/rundwanderung-zur-flueealp\/"},"modified":"2021-10-26T08:15:05","modified_gmt":"2021-10-26T08:15:05","slug":"boucle-jusqua-lalpage-de-flueealp","status":"publish","type":"class","link":"https:\/\/quellenhof-leukerbad.ch\/fr\/class\/boucle-jusqua-lalpage-de-flueealp\/","title":{"rendered":"Boucle jusqu\u2019\u00e0 l\u2019alpage de Fl\u00fcealp"},"content":{"rendered":"<p>Boucle \u00e0 travers les alpages de la haute vall\u00e9e surplombant Lo\u00e8che-les-Bains, jusqu\u2019\u00e0 une chapelle taill\u00e9e dans la roche \u00e0 l\u2019ambiance unique. Vue imprenable sur les montagnes environnantes.<\/p>\n<p>Depuis le centre de la station, nous gagnons les alpages de Folljeret \u00e0 l\u2019ouest, de Majing, plus haut dans la vall\u00e9e, et enfin Fl\u00fcealp. En \u00e9t\u00e9, les fleurs alpines conf\u00e8rent aux prairies des couleurs \u00e9clatantes; le b\u00e9tail qui s\u2019en nourrit produit un lait \u00e0 l\u2019origine de d\u00e9licieux fromages. <\/p>\n<p>\u00c0 l\u2019extr\u00e9mit\u00e9 de la boucle, juste apr\u00e8s Fl\u00fcealp, se trouve une petite chapelle taill\u00e9e dans la roche au d\u00e9but du XIXe si\u00e8cle. Merveilleusement paisible et incitant \u00e0 la contemplation, ce lieu de p\u00e8lerinage dispose de sa propre source, juste en contrebas. De l\u00e0, le sentier revient \u00e0 Lo\u00e8che-les-Bains le long du versant oppos\u00e9 de la vall\u00e9e, en passant par les alpages de Clabinu. Le restaurant de Buljes est un lieu de d\u00e9tente, id\u00e9al pour prendre un rafra\u00eechissement, sur les hauts de Lo\u00e8che-les-Bains.<\/p>\n<p>Difficult\u00e9 : <strong>moyen<\/strong><br \/>\nDistance : <strong>14 km<\/strong><br \/>\nDur\u00e9e : <strong>04.30 h<\/strong><br \/>\nD\u00e9nivel\u00e9 positif : <strong>731 m<\/strong><br \/>\nD\u00e9nivel\u00e9 n\u00e9gatif : <strong>731 m<\/strong><\/p>\n","protected":false},"excerpt":{"rendered":"<p>Difficult\u00e9 : <span style=\"background: #dc6b2f; color: #fff; padding: 1px 12px 2px; border-radius: 2px;\"> moyen<\/span><br \/>\nDistance : 14 km<br \/>\nDur\u00e9e : 04.30 h<br \/>\nD\u00e9nivel\u00e9 positif : 731 m<br \/>\nD\u00e9nivel\u00e9 n\u00e9gatif : 731 m<\/p>\n","protected":false},"template":"","meta":[],"wcs-type":[131,134],"wcs-room":[138],"wcs-instructor":[140],"class_list":["post-2527","class","type-class","status-publish","hentry","wcs-type-difficulte-moyen-fr","wcs-type-randonnee-fr","wcs-room-4h-fr","wcs-instructor-4-15km-fr"],"yoast_head":"<!-- This site is optimized with the Yoast SEO plugin v27.4 - https:\/\/yoast.com\/product\/yoast-seo-wordpress\/ -->\n<title>Boucle jusqu\u2019\u00e0 l\u2019alpage de Fl\u00fcealp - Quellenhof Hotel in Leukerbad<\/title>\n<meta name=\"robots\" content=\"index, follow, max-snippet:-1, max-image-preview:large, max-video-preview:-1\" \/>\n<link rel=\"canonical\" href=\"https:\/\/quellenhof-leukerbad.ch\/fr\/class\/boucle-jusqua-lalpage-de-flueealp\/\" \/>\n<meta property=\"og:locale\" content=\"fr_FR\" \/>\n<meta property=\"og:type\" content=\"article\" \/>\n<meta property=\"og:title\" content=\"Boucle jusqu\u2019\u00e0 l\u2019alpage de Fl\u00fcealp - Quellenhof Hotel in Leukerbad\" \/>\n<meta property=\"og:description\" content=\"Difficult\u00e9 : moyen Distance : 14 km Dur\u00e9e : 04.30 h D\u00e9nivel\u00e9 positif : 731 m D\u00e9nivel\u00e9 n\u00e9gatif : 731 m\" \/>\n<meta property=\"og:url\" content=\"https:\/\/quellenhof-leukerbad.ch\/fr\/class\/boucle-jusqua-lalpage-de-flueealp\/\" \/>\n<meta property=\"og:site_name\" content=\"Quellenhof Hotel in Leukerbad\" \/>\n<meta property=\"article:publisher\" content=\"https:\/\/www.facebook.com\/quellenhof.leukerbad\" \/>\n<meta property=\"article:modified_time\" content=\"2021-10-26T08:15:05+00:00\" \/>\n<meta name=\"twitter:card\" content=\"summary_large_image\" \/>\n<meta name=\"twitter:label1\" content=\"Dur\u00e9e de lecture estim\u00e9e\" \/>\n\t<meta name=\"twitter:data1\" content=\"1 minute\" \/>\n<script type=\"application\/ld+json\" class=\"yoast-schema-graph\">{\"@context\":\"https:\\\/\\\/schema.org\",\"@graph\":[{\"@type\":\"WebPage\",\"@id\":\"https:\\\/\\\/quellenhof-leukerbad.ch\\\/fr\\\/class\\\/boucle-jusqua-lalpage-de-flueealp\\\/\",\"url\":\"https:\\\/\\\/quellenhof-leukerbad.ch\\\/fr\\\/class\\\/boucle-jusqua-lalpage-de-flueealp\\\/\",\"name\":\"Boucle jusqu\u2019\u00e0 l\u2019alpage de Fl\u00fcealp - Quellenhof Hotel in Leukerbad\",\"isPartOf\":{\"@id\":\"https:\\\/\\\/quellenhof-leukerbad.ch\\\/fr\\\/#website\"},\"datePublished\":\"2021-07-15T15:48:37+00:00\",\"dateModified\":\"2021-10-26T08:15:05+00:00\",\"breadcrumb\":{\"@id\":\"https:\\\/\\\/quellenhof-leukerbad.ch\\\/fr\\\/class\\\/boucle-jusqua-lalpage-de-flueealp\\\/#breadcrumb\"},\"inLanguage\":\"fr-FR\",\"potentialAction\":[{\"@type\":\"ReadAction\",\"target\":[\"https:\\\/\\\/quellenhof-leukerbad.ch\\\/fr\\\/class\\\/boucle-jusqua-lalpage-de-flueealp\\\/\"]}]},{\"@type\":\"BreadcrumbList\",\"@id\":\"https:\\\/\\\/quellenhof-leukerbad.ch\\\/fr\\\/class\\\/boucle-jusqua-lalpage-de-flueealp\\\/#breadcrumb\",\"itemListElement\":[{\"@type\":\"ListItem\",\"position\":1,\"name\":\"Startseite\",\"item\":\"https:\\\/\\\/quellenhof-leukerbad.ch\\\/fr\\\/\"},{\"@type\":\"ListItem\",\"position\":2,\"name\":\"Boucle jusqu\u2019\u00e0 l\u2019alpage de Fl\u00fcealp\"}]},{\"@type\":\"WebSite\",\"@id\":\"https:\\\/\\\/quellenhof-leukerbad.ch\\\/fr\\\/#website\",\"url\":\"https:\\\/\\\/quellenhof-leukerbad.ch\\\/fr\\\/\",\"name\":\"Quellenhof Hotel in Leukerbad\",\"description\":\"Hotel Restaurant Quellenhof in Leukerbad\",\"publisher\":{\"@id\":\"https:\\\/\\\/quellenhof-leukerbad.ch\\\/fr\\\/#organization\"},\"potentialAction\":[{\"@type\":\"SearchAction\",\"target\":{\"@type\":\"EntryPoint\",\"urlTemplate\":\"https:\\\/\\\/quellenhof-leukerbad.ch\\\/fr\\\/?s={search_term_string}\"},\"query-input\":{\"@type\":\"PropertyValueSpecification\",\"valueRequired\":true,\"valueName\":\"search_term_string\"}}],\"inLanguage\":\"fr-FR\"},{\"@type\":\"Organization\",\"@id\":\"https:\\\/\\\/quellenhof-leukerbad.ch\\\/fr\\\/#organization\",\"name\":\"Quellenhof Leukerbad\",\"url\":\"https:\\\/\\\/quellenhof-leukerbad.ch\\\/fr\\\/\",\"logo\":{\"@type\":\"ImageObject\",\"inLanguage\":\"fr-FR\",\"@id\":\"https:\\\/\\\/quellenhof-leukerbad.ch\\\/fr\\\/#\\\/schema\\\/logo\\\/image\\\/\",\"url\":\"https:\\\/\\\/quellenhof-leukerbad.ch\\\/wp-content\\\/uploads\\\/2020\\\/12\\\/Quellenhof_Logo_rgb.png\",\"contentUrl\":\"https:\\\/\\\/quellenhof-leukerbad.ch\\\/wp-content\\\/uploads\\\/2020\\\/12\\\/Quellenhof_Logo_rgb.png\",\"width\":237,\"height\":70,\"caption\":\"Quellenhof Leukerbad\"},\"image\":{\"@id\":\"https:\\\/\\\/quellenhof-leukerbad.ch\\\/fr\\\/#\\\/schema\\\/logo\\\/image\\\/\"},\"sameAs\":[\"https:\\\/\\\/www.facebook.com\\\/quellenhof.leukerbad\",\"https:\\\/\\\/www.instagram.com\\\/quellenhof_leukerbad\"]}]}<\/script>\n<!-- \/ Yoast SEO plugin. -->","yoast_head_json":{"title":"Boucle jusqu\u2019\u00e0 l\u2019alpage de Fl\u00fcealp - Quellenhof Hotel in Leukerbad","robots":{"index":"index","follow":"follow","max-snippet":"max-snippet:-1","max-image-preview":"max-image-preview:large","max-video-preview":"max-video-preview:-1"},"canonical":"https:\/\/quellenhof-leukerbad.ch\/fr\/class\/boucle-jusqua-lalpage-de-flueealp\/","og_locale":"fr_FR","og_type":"article","og_title":"Boucle jusqu\u2019\u00e0 l\u2019alpage de Fl\u00fcealp - Quellenhof Hotel in Leukerbad","og_description":"Difficult\u00e9 : moyen Distance : 14 km Dur\u00e9e : 04.30 h D\u00e9nivel\u00e9 positif : 731 m D\u00e9nivel\u00e9 n\u00e9gatif : 731 m","og_url":"https:\/\/quellenhof-leukerbad.ch\/fr\/class\/boucle-jusqua-lalpage-de-flueealp\/","og_site_name":"Quellenhof Hotel in Leukerbad","article_publisher":"https:\/\/www.facebook.com\/quellenhof.leukerbad","article_modified_time":"2021-10-26T08:15:05+00:00","twitter_card":"summary_large_image","twitter_misc":{"Dur\u00e9e de lecture estim\u00e9e":"1 minute"},"schema":{"@context":"https:\/\/schema.org","@graph":[{"@type":"WebPage","@id":"https:\/\/quellenhof-leukerbad.ch\/fr\/class\/boucle-jusqua-lalpage-de-flueealp\/","url":"https:\/\/quellenhof-leukerbad.ch\/fr\/class\/boucle-jusqua-lalpage-de-flueealp\/","name":"Boucle jusqu\u2019\u00e0 l\u2019alpage de Fl\u00fcealp - Quellenhof Hotel in Leukerbad","isPartOf":{"@id":"https:\/\/quellenhof-leukerbad.ch\/fr\/#website"},"datePublished":"2021-07-15T15:48:37+00:00","dateModified":"2021-10-26T08:15:05+00:00","breadcrumb":{"@id":"https:\/\/quellenhof-leukerbad.ch\/fr\/class\/boucle-jusqua-lalpage-de-flueealp\/#breadcrumb"},"inLanguage":"fr-FR","potentialAction":[{"@type":"ReadAction","target":["https:\/\/quellenhof-leukerbad.ch\/fr\/class\/boucle-jusqua-lalpage-de-flueealp\/"]}]},{"@type":"BreadcrumbList","@id":"https:\/\/quellenhof-leukerbad.ch\/fr\/class\/boucle-jusqua-lalpage-de-flueealp\/#breadcrumb","itemListElement":[{"@type":"ListItem","position":1,"name":"Startseite","item":"https:\/\/quellenhof-leukerbad.ch\/fr\/"},{"@type":"ListItem","position":2,"name":"Boucle jusqu\u2019\u00e0 l\u2019alpage de Fl\u00fcealp"}]},{"@type":"WebSite","@id":"https:\/\/quellenhof-leukerbad.ch\/fr\/#website","url":"https:\/\/quellenhof-leukerbad.ch\/fr\/","name":"Quellenhof Hotel in Leukerbad","description":"Hotel Restaurant Quellenhof in Leukerbad","publisher":{"@id":"https:\/\/quellenhof-leukerbad.ch\/fr\/#organization"},"potentialAction":[{"@type":"SearchAction","target":{"@type":"EntryPoint","urlTemplate":"https:\/\/quellenhof-leukerbad.ch\/fr\/?s={search_term_string}"},"query-input":{"@type":"PropertyValueSpecification","valueRequired":true,"valueName":"search_term_string"}}],"inLanguage":"fr-FR"},{"@type":"Organization","@id":"https:\/\/quellenhof-leukerbad.ch\/fr\/#organization","name":"Quellenhof Leukerbad","url":"https:\/\/quellenhof-leukerbad.ch\/fr\/","logo":{"@type":"ImageObject","inLanguage":"fr-FR","@id":"https:\/\/quellenhof-leukerbad.ch\/fr\/#\/schema\/logo\/image\/","url":"https:\/\/quellenhof-leukerbad.ch\/wp-content\/uploads\/2020\/12\/Quellenhof_Logo_rgb.png","contentUrl":"https:\/\/quellenhof-leukerbad.ch\/wp-content\/uploads\/2020\/12\/Quellenhof_Logo_rgb.png","width":237,"height":70,"caption":"Quellenhof Leukerbad"},"image":{"@id":"https:\/\/quellenhof-leukerbad.ch\/fr\/#\/schema\/logo\/image\/"},"sameAs":["https:\/\/www.facebook.com\/quellenhof.leukerbad","https:\/\/www.instagram.com\/quellenhof_leukerbad"]}]}},"_links":{"self":[{"href":"https:\/\/quellenhof-leukerbad.ch\/fr\/wp-json\/wp\/v2\/class\/2527","targetHints":{"allow":["GET"]}}],"collection":[{"href":"https:\/\/quellenhof-leukerbad.ch\/fr\/wp-json\/wp\/v2\/class"}],"about":[{"href":"https:\/\/quellenhof-leukerbad.ch\/fr\/wp-json\/wp\/v2\/types\/class"}],"wp:attachment":[{"href":"https:\/\/quellenhof-leukerbad.ch\/fr\/wp-json\/wp\/v2\/media?parent=2527"}],"wp:term":[{"taxonomy":"wcs-type","embeddable":true,"href":"https:\/\/quellenhof-leukerbad.ch\/fr\/wp-json\/wp\/v2\/wcs-type?post=2527"},{"taxonomy":"wcs-room","embeddable":true,"href":"https:\/\/quellenhof-leukerbad.ch\/fr\/wp-json\/wp\/v2\/wcs-room?post=2527"},{"taxonomy":"wcs-instructor","embeddable":true,"href":"https:\/\/quellenhof-leukerbad.ch\/fr\/wp-json\/wp\/v2\/wcs-instructor?post=2527"}],"curies":[{"name":"wp","href":"https:\/\/api.w.org\/{rel}","templated":true}]}}