{"id":2524,"date":"2021-07-15T16:14:36","date_gmt":"2021-07-15T16:14:36","guid":{"rendered":"https:\/\/quellenhof.mycolligo.com\/class\/ueber-die-albinenleitern\/"},"modified":"2021-10-26T08:13:31","modified_gmt":"2021-10-26T08:13:31","slug":"albinen-par-les-echelles","status":"publish","type":"class","link":"https:\/\/quellenhof-leukerbad.ch\/fr\/class\/albinen-par-les-echelles\/","title":{"rendered":"Albinen par les \u00e9chelles"},"content":{"rendered":"<p>La plus ancienne via ferrata de Suisse &#8211; ou plut\u00f4t des Alpes depuis 1781. Escaladez les spectaculaires \u00e9chelles le long de l&rsquo;historique voie commerciale entre les villages d\u2019Albinen et de Lo\u00e8che-les-Bains.<\/p>\n<p>Le moment fort de la randonn\u00e9e est l\u2019escalade des huit \u00e9chelles en bois qui constituaient autrefois l\u2019unique moyen de relier Albinen et Lo\u00e8che-les-Bains. Avec ses chalets traditionnels noircis par le soleil, Albinen est un village valaisan typique. La randonn\u00e9e de deux heures de Lo\u00e8che-les-Bains \u00e0 Albinen ne convient qu\u2019aux marcheurs ne souffrant pas de vertige.<\/p>\n<p>Elle commence dans le village de Lo\u00e8che-les-Bains que l\u2019on quitte en direction du sud. L\u2019itin\u00e9raire se poursuit \u00e0 travers la for\u00eat du Lochwald pour atteindre le passage aventureux des \u00e9chelles d\u2019Albinen. Autrefois, les \u00e9chelles constituaient l\u2019unique liaison entre Lo\u00e8che-les-Bains et Albinen et servaient principalement au transport des marchandises agricoles. Bien que rien ne le prouve, il est vraisemblable que les \u00e9chelles \u00e9taient une continuation du passage de la Gemmi du Kandertal \u00e0 la vall\u00e9e du Rh\u00f4ne.<\/p>\n<p>Les \u00e9chelles permettent de grimper d\u2019environ 100 m pour acc\u00e9der au d\u00e9part des t\u00e9l\u00e9cabines Flaschen-Torrentalp. L\u00e0, le restaurant Flaschen invite \u00e0 une courte pause rafra\u00eechissante.<\/p>\n<p>Difficult\u00e9 : <strong>difficile<\/strong><br \/>\nDistance : <strong>6.2 km<\/strong><br \/>\nDur\u00e9e : <strong>02.00 h<\/strong><br \/>\nD\u00e9nivel\u00e9 positif : <strong>185 m<\/strong><br \/>\nD\u00e9nivel\u00e9 n\u00e9gatif : <strong>309 m<\/strong><\/p>\n","protected":false},"excerpt":{"rendered":"<p>Difficult\u00e9 : <span style=\"background: #cd2122; color: #fff; padding: 1px 12px 2px; border-radius: 2px;\"> difficile<\/span><br \/>\nDistance : 6.2 km<br \/>\nDur\u00e9e : 02.00 h<br \/>\nD\u00e9nivel\u00e9 positif : 185 m<br \/>\nD\u00e9nivel\u00e9 n\u00e9gatif : 309 m<\/p>\n","protected":false},"template":"","meta":[],"wcs-type":[133,134],"wcs-room":[136],"wcs-instructor":[140],"class_list":["post-2524","class","type-class","status-publish","hentry","wcs-type-difficulte-difficile-fr","wcs-type-randonnee-fr","wcs-room-2-5h-fr","wcs-instructor-4-15km-fr"],"yoast_head":"<!-- This site is optimized with the Yoast SEO plugin v27.4 - https:\/\/yoast.com\/product\/yoast-seo-wordpress\/ -->\n<title>Albinen par les \u00e9chelles - Quellenhof Hotel in Leukerbad<\/title>\n<meta name=\"robots\" content=\"index, follow, max-snippet:-1, max-image-preview:large, max-video-preview:-1\" \/>\n<link rel=\"canonical\" href=\"https:\/\/quellenhof-leukerbad.ch\/fr\/class\/albinen-par-les-echelles\/\" \/>\n<meta property=\"og:locale\" content=\"fr_FR\" \/>\n<meta property=\"og:type\" content=\"article\" \/>\n<meta property=\"og:title\" content=\"Albinen par les \u00e9chelles - Quellenhof Hotel in Leukerbad\" \/>\n<meta property=\"og:description\" content=\"Difficult\u00e9 : difficile Distance : 6.2 km Dur\u00e9e : 02.00 h D\u00e9nivel\u00e9 positif : 185 m D\u00e9nivel\u00e9 n\u00e9gatif : 309 m\" \/>\n<meta property=\"og:url\" content=\"https:\/\/quellenhof-leukerbad.ch\/fr\/class\/albinen-par-les-echelles\/\" \/>\n<meta property=\"og:site_name\" content=\"Quellenhof Hotel in Leukerbad\" \/>\n<meta property=\"article:publisher\" content=\"https:\/\/www.facebook.com\/quellenhof.leukerbad\" \/>\n<meta property=\"article:modified_time\" content=\"2021-10-26T08:13:31+00:00\" \/>\n<meta name=\"twitter:card\" content=\"summary_large_image\" \/>\n<meta name=\"twitter:label1\" content=\"Dur\u00e9e de lecture estim\u00e9e\" \/>\n\t<meta name=\"twitter:data1\" content=\"1 minute\" \/>\n<script type=\"application\/ld+json\" class=\"yoast-schema-graph\">{\"@context\":\"https:\\\/\\\/schema.org\",\"@graph\":[{\"@type\":\"WebPage\",\"@id\":\"https:\\\/\\\/quellenhof-leukerbad.ch\\\/fr\\\/class\\\/albinen-par-les-echelles\\\/\",\"url\":\"https:\\\/\\\/quellenhof-leukerbad.ch\\\/fr\\\/class\\\/albinen-par-les-echelles\\\/\",\"name\":\"Albinen par les \u00e9chelles - Quellenhof Hotel in Leukerbad\",\"isPartOf\":{\"@id\":\"https:\\\/\\\/quellenhof-leukerbad.ch\\\/fr\\\/#website\"},\"datePublished\":\"2021-07-15T16:14:36+00:00\",\"dateModified\":\"2021-10-26T08:13:31+00:00\",\"breadcrumb\":{\"@id\":\"https:\\\/\\\/quellenhof-leukerbad.ch\\\/fr\\\/class\\\/albinen-par-les-echelles\\\/#breadcrumb\"},\"inLanguage\":\"fr-FR\",\"potentialAction\":[{\"@type\":\"ReadAction\",\"target\":[\"https:\\\/\\\/quellenhof-leukerbad.ch\\\/fr\\\/class\\\/albinen-par-les-echelles\\\/\"]}]},{\"@type\":\"BreadcrumbList\",\"@id\":\"https:\\\/\\\/quellenhof-leukerbad.ch\\\/fr\\\/class\\\/albinen-par-les-echelles\\\/#breadcrumb\",\"itemListElement\":[{\"@type\":\"ListItem\",\"position\":1,\"name\":\"Startseite\",\"item\":\"https:\\\/\\\/quellenhof-leukerbad.ch\\\/fr\\\/\"},{\"@type\":\"ListItem\",\"position\":2,\"name\":\"Albinen par les \u00e9chelles\"}]},{\"@type\":\"WebSite\",\"@id\":\"https:\\\/\\\/quellenhof-leukerbad.ch\\\/fr\\\/#website\",\"url\":\"https:\\\/\\\/quellenhof-leukerbad.ch\\\/fr\\\/\",\"name\":\"Quellenhof Hotel in Leukerbad\",\"description\":\"Hotel Restaurant Quellenhof in Leukerbad\",\"publisher\":{\"@id\":\"https:\\\/\\\/quellenhof-leukerbad.ch\\\/fr\\\/#organization\"},\"potentialAction\":[{\"@type\":\"SearchAction\",\"target\":{\"@type\":\"EntryPoint\",\"urlTemplate\":\"https:\\\/\\\/quellenhof-leukerbad.ch\\\/fr\\\/?s={search_term_string}\"},\"query-input\":{\"@type\":\"PropertyValueSpecification\",\"valueRequired\":true,\"valueName\":\"search_term_string\"}}],\"inLanguage\":\"fr-FR\"},{\"@type\":\"Organization\",\"@id\":\"https:\\\/\\\/quellenhof-leukerbad.ch\\\/fr\\\/#organization\",\"name\":\"Quellenhof Leukerbad\",\"url\":\"https:\\\/\\\/quellenhof-leukerbad.ch\\\/fr\\\/\",\"logo\":{\"@type\":\"ImageObject\",\"inLanguage\":\"fr-FR\",\"@id\":\"https:\\\/\\\/quellenhof-leukerbad.ch\\\/fr\\\/#\\\/schema\\\/logo\\\/image\\\/\",\"url\":\"https:\\\/\\\/quellenhof-leukerbad.ch\\\/wp-content\\\/uploads\\\/2020\\\/12\\\/Quellenhof_Logo_rgb.png\",\"contentUrl\":\"https:\\\/\\\/quellenhof-leukerbad.ch\\\/wp-content\\\/uploads\\\/2020\\\/12\\\/Quellenhof_Logo_rgb.png\",\"width\":237,\"height\":70,\"caption\":\"Quellenhof Leukerbad\"},\"image\":{\"@id\":\"https:\\\/\\\/quellenhof-leukerbad.ch\\\/fr\\\/#\\\/schema\\\/logo\\\/image\\\/\"},\"sameAs\":[\"https:\\\/\\\/www.facebook.com\\\/quellenhof.leukerbad\",\"https:\\\/\\\/www.instagram.com\\\/quellenhof_leukerbad\"]}]}<\/script>\n<!-- \/ Yoast SEO plugin. -->","yoast_head_json":{"title":"Albinen par les \u00e9chelles - Quellenhof Hotel in Leukerbad","robots":{"index":"index","follow":"follow","max-snippet":"max-snippet:-1","max-image-preview":"max-image-preview:large","max-video-preview":"max-video-preview:-1"},"canonical":"https:\/\/quellenhof-leukerbad.ch\/fr\/class\/albinen-par-les-echelles\/","og_locale":"fr_FR","og_type":"article","og_title":"Albinen par les \u00e9chelles - Quellenhof Hotel in Leukerbad","og_description":"Difficult\u00e9 : difficile Distance : 6.2 km Dur\u00e9e : 02.00 h D\u00e9nivel\u00e9 positif : 185 m D\u00e9nivel\u00e9 n\u00e9gatif : 309 m","og_url":"https:\/\/quellenhof-leukerbad.ch\/fr\/class\/albinen-par-les-echelles\/","og_site_name":"Quellenhof Hotel in Leukerbad","article_publisher":"https:\/\/www.facebook.com\/quellenhof.leukerbad","article_modified_time":"2021-10-26T08:13:31+00:00","twitter_card":"summary_large_image","twitter_misc":{"Dur\u00e9e de lecture estim\u00e9e":"1 minute"},"schema":{"@context":"https:\/\/schema.org","@graph":[{"@type":"WebPage","@id":"https:\/\/quellenhof-leukerbad.ch\/fr\/class\/albinen-par-les-echelles\/","url":"https:\/\/quellenhof-leukerbad.ch\/fr\/class\/albinen-par-les-echelles\/","name":"Albinen par les \u00e9chelles - Quellenhof Hotel in Leukerbad","isPartOf":{"@id":"https:\/\/quellenhof-leukerbad.ch\/fr\/#website"},"datePublished":"2021-07-15T16:14:36+00:00","dateModified":"2021-10-26T08:13:31+00:00","breadcrumb":{"@id":"https:\/\/quellenhof-leukerbad.ch\/fr\/class\/albinen-par-les-echelles\/#breadcrumb"},"inLanguage":"fr-FR","potentialAction":[{"@type":"ReadAction","target":["https:\/\/quellenhof-leukerbad.ch\/fr\/class\/albinen-par-les-echelles\/"]}]},{"@type":"BreadcrumbList","@id":"https:\/\/quellenhof-leukerbad.ch\/fr\/class\/albinen-par-les-echelles\/#breadcrumb","itemListElement":[{"@type":"ListItem","position":1,"name":"Startseite","item":"https:\/\/quellenhof-leukerbad.ch\/fr\/"},{"@type":"ListItem","position":2,"name":"Albinen par les \u00e9chelles"}]},{"@type":"WebSite","@id":"https:\/\/quellenhof-leukerbad.ch\/fr\/#website","url":"https:\/\/quellenhof-leukerbad.ch\/fr\/","name":"Quellenhof Hotel in Leukerbad","description":"Hotel Restaurant Quellenhof in Leukerbad","publisher":{"@id":"https:\/\/quellenhof-leukerbad.ch\/fr\/#organization"},"potentialAction":[{"@type":"SearchAction","target":{"@type":"EntryPoint","urlTemplate":"https:\/\/quellenhof-leukerbad.ch\/fr\/?s={search_term_string}"},"query-input":{"@type":"PropertyValueSpecification","valueRequired":true,"valueName":"search_term_string"}}],"inLanguage":"fr-FR"},{"@type":"Organization","@id":"https:\/\/quellenhof-leukerbad.ch\/fr\/#organization","name":"Quellenhof Leukerbad","url":"https:\/\/quellenhof-leukerbad.ch\/fr\/","logo":{"@type":"ImageObject","inLanguage":"fr-FR","@id":"https:\/\/quellenhof-leukerbad.ch\/fr\/#\/schema\/logo\/image\/","url":"https:\/\/quellenhof-leukerbad.ch\/wp-content\/uploads\/2020\/12\/Quellenhof_Logo_rgb.png","contentUrl":"https:\/\/quellenhof-leukerbad.ch\/wp-content\/uploads\/2020\/12\/Quellenhof_Logo_rgb.png","width":237,"height":70,"caption":"Quellenhof Leukerbad"},"image":{"@id":"https:\/\/quellenhof-leukerbad.ch\/fr\/#\/schema\/logo\/image\/"},"sameAs":["https:\/\/www.facebook.com\/quellenhof.leukerbad","https:\/\/www.instagram.com\/quellenhof_leukerbad"]}]}},"_links":{"self":[{"href":"https:\/\/quellenhof-leukerbad.ch\/fr\/wp-json\/wp\/v2\/class\/2524","targetHints":{"allow":["GET"]}}],"collection":[{"href":"https:\/\/quellenhof-leukerbad.ch\/fr\/wp-json\/wp\/v2\/class"}],"about":[{"href":"https:\/\/quellenhof-leukerbad.ch\/fr\/wp-json\/wp\/v2\/types\/class"}],"wp:attachment":[{"href":"https:\/\/quellenhof-leukerbad.ch\/fr\/wp-json\/wp\/v2\/media?parent=2524"}],"wp:term":[{"taxonomy":"wcs-type","embeddable":true,"href":"https:\/\/quellenhof-leukerbad.ch\/fr\/wp-json\/wp\/v2\/wcs-type?post=2524"},{"taxonomy":"wcs-room","embeddable":true,"href":"https:\/\/quellenhof-leukerbad.ch\/fr\/wp-json\/wp\/v2\/wcs-room?post=2524"},{"taxonomy":"wcs-instructor","embeddable":true,"href":"https:\/\/quellenhof-leukerbad.ch\/fr\/wp-json\/wp\/v2\/wcs-instructor?post=2524"}],"curies":[{"name":"wp","href":"https:\/\/api.w.org\/{rel}","templated":true}]}}